{"id":1462,"date":"2025-09-07T23:21:02","date_gmt":"2025-09-07T21:21:02","guid":{"rendered":"https:\/\/sfassisf.com\/?page_id=1462"},"modified":"2025-09-07T23:21:02","modified_gmt":"2025-09-07T21:21:02","slug":"extraescolars","status":"publish","type":"page","link":"https:\/\/sfassisf.com\/?page_id=1462","title":{"rendered":"Extraescolars"},"content":{"rendered":"\n<p>Benvolgudes fam\u00edlies, a partir del proper dia 10 de setembre es posa en marxa el servei d&#8217;extraescolars.<\/p>\n\n\n\n<p>A continuaci\u00f3 us detallam m\u00e9s informaci\u00f3 per si \u00e9s del vostre inter\u00e8s fer-ne \u00fas durant el curs.<\/p>\n\n\n\n<p>SERVEI D\u2019EXTRAESCOLARS<br>L\u2019horari \u00e9s de les 15h a les 16h.<br>Preu 40\u20ac mensuals 4 dies a la setmana (de dilluns a dijous).<br>Preu 25\u20ac mensuals 2 dies a la setmana (dilluns i dimecres o dimarts i dijous).<br>Dirigit a tot l\u2019alumnat del centre.<\/p>\n\n\n\n<figure class=\"wp-block-table\"><table class=\"has-fixed-layout\"><thead><tr><th class=\"has-text-align-center\" data-align=\"center\">HORARI<\/th><th class=\"has-text-align-center\" data-align=\"center\">DILLUNS<\/th><th class=\"has-text-align-center\" data-align=\"center\">DIMARTS<\/th><th class=\"has-text-align-center\" data-align=\"center\">DIMECRES<\/th><th class=\"has-text-align-center\" data-align=\"center\">DIJOUS<\/th><\/tr><\/thead><tbody><tr><td class=\"has-text-align-center\" data-align=\"center\">15h-16h<\/td><td class=\"has-text-align-center\" data-align=\"center\">Estimulaci\u00f3<br>musical<\/td><td class=\"has-text-align-center\" data-align=\"center\">Teatre i<br>moviment<\/td><td class=\"has-text-align-center\" data-align=\"center\">Estimulaci\u00f3<br>musical<\/td><td class=\"has-text-align-center\" data-align=\"center\">Teatre i<br>moviment<\/td><\/tr><\/tbody><\/table><\/figure>\n\n\n\n<p>Si us interessa fer \u00fas d\u2019aquest servei, heu d\u2019emplenar el full d\u2019inscripci\u00f3 que trobareu adjunt o a la<br>secretaria del centre. Aquestes inscripcions es podran formalitzar de manera trimestral o per tot el<br>curs escolar. Per qualsevol dubte us podeu posar en contacte al tel\u00e8fon 971373190 o al correu<br>electr\u00f2nic sfassisf@sfassisf.com.<\/p>\n\n\n\n<div class=\"wp-block-file\"><a id=\"wp-block-file--media-23de22b2-b4bb-4490-9926-ed87b6a81199\" href=\"https:\/\/sfassisf.com\/wp-content\/uploads\/2025\/09\/INSCRIPCIO-EXTRAESCOLARS.pdf\">INSCRIPCI\u00d3 EXTRAESCOLARS<\/a><a href=\"https:\/\/sfassisf.com\/wp-content\/uploads\/2025\/09\/INSCRIPCIO-EXTRAESCOLARS.pdf\" class=\"wp-block-file__button\" download aria-describedby=\"wp-block-file--media-23de22b2-b4bb-4490-9926-ed87b6a81199\">Baixa<\/a><\/div>\n","protected":false},"excerpt":{"rendered":"<p>Benvolgudes fam\u00edlies, a partir del proper dia 10 de setembre es posa en marxa el servei d&#8217;extraescolars. A continuaci\u00f3 us detallam m\u00e9s informaci\u00f3 per si \u00e9s del vostre inter\u00e8s fer-ne \u00fas durant el curs. SERVEI D\u2019EXTRAESCOLARSL\u2019horari \u00e9s de les 15h a les 16h.Preu 40\u20ac mensuals 4 dies a la setmana (de dilluns a dijous).Preu 25\u20ac [&hellip;]<\/p>\n","protected":false},"author":1,"featured_media":0,"parent":0,"menu_order":0,"comment_status":"closed","ping_status":"closed","template":"","meta":{"ngg_post_thumbnail":0},"jetpack_sharing_enabled":true,"jetpack_shortlink":"https:\/\/wp.me\/P9f2GC-nA","jetpack-related-posts":[{"id":1339,"url":"https:\/\/sfassisf.com\/?page_id=1339","url_meta":{"origin":1462,"position":0},"title":"Servei de menjador","date":"15\/05\/2024","format":false,"excerpt":"Benvolgudes fam\u00edlies, a partir del proper dia 10 de setembre es posa en marxa el servei de menjador. A continuaci\u00f3 us detallam m\u00e9s informaci\u00f3 per si \u00e9s del vostre inter\u00e8s fer-ne \u00fas durant el curs. SERVEI DE MENJADORL\u2019horari \u00e9s de les 13:30h a les 15:00h per a l\u2019alumnat d\u2019infantil i\u2026","rel":"","context":"Similar post","img":{"alt_text":"","src":"","width":0,"height":0},"classes":[]},{"id":1334,"url":"https:\/\/sfassisf.com\/?page_id=1334","url_meta":{"origin":1462,"position":1},"title":"Escola Matinera","date":"15\/05\/2024","format":false,"excerpt":"Benvolgudes fam\u00edlies, a partir del proper dia 10 de setembre es posa en marxa el servei d\u2019escolamatinera. A continuaci\u00f3 us detallam m\u00e9s informaci\u00f3 per si \u00e9s del vostre inter\u00e8s fer-ne \u00fas durant el curs. SERVEI D\u2019ESCOLA MATINERAL\u2019horari \u00e9s de 7:30h a 8:30h.Preu 35\u20ac mensuals.Dies espor\u00e0dics 3\u20ac per dia.Dirigit a l\u2019alumnat\u2026","rel":"","context":"Similar post","img":{"alt_text":"","src":"","width":0,"height":0},"classes":[]},{"id":86,"url":"https:\/\/sfassisf.com\/?page_id=86","url_meta":{"origin":1462,"position":2},"title":"Contacte","date":"18\/07\/2017","format":false,"excerpt":"Edifici Principal C\/ Beat Joan Huguet, 1107750 - Ferreries - MenorcaAdministraci\u00f3: sfassisf@sfassisf.comTel\u00e8fon administraci\u00f3: 971373190 Edifici Educaci\u00f3 Infantil Pla\u00e7a d'Espanya, 3Tel\u00e8fon: 971 155 169 Horari d'atenci\u00f3 al p\u00fablic De dilluns a divendres de 08:00 a 14:00Dilluns i dimarts de 16:00 a 18:00","rel":"","context":"Similar post","img":{"alt_text":"","src":"","width":0,"height":0},"classes":[]},{"id":1173,"url":"https:\/\/sfassisf.com\/?page_id=1173","url_meta":{"origin":1462,"position":3},"title":"Programa Fora de s\u00e8rie","date":"31\/03\/2022","format":false,"excerpt":"Benvolgudes fam\u00edlies,\u00a0 La nostra escola \u00e9s un dels deu centres educatius que formen part de la Xarxa de Centres Cooperants del Fons Menorqu\u00ed de Cooperaci\u00f3, a trav\u00e9s del qual rebem suport t\u00e8cnic per desenvolupar un projecte d\u2019Aprenentatge Servei que des de fa tres anys se centra en la Sobirania Aliment\u00e0ria\u2026","rel":"","context":"Similar post","img":{"alt_text":"","src":"","width":0,"height":0},"classes":[]},{"id":52,"url":"https:\/\/sfassisf.com\/?page_id=52","url_meta":{"origin":1462,"position":4},"title":"El centre","date":"18\/07\/2017","format":false,"excerpt":"MISSI\u00d3 Oferir una educaci\u00f3 integral \u2013la qual abasti el desenvolupament f\u00edsic, intel\u00b7lectual, afectiu i social- arrelada en els valors propis de la concepci\u00f3 cristiana de l\u2019home, de la vida i del m\u00f3n i que es basa en la import\u00e0ncia de la filosofia de l\u2019ESSER i no del tenir, per potenciar\u2026","rel":"","context":"Similar post","img":{"alt_text":"","src":"","width":0,"height":0},"classes":[]},{"id":1531,"url":"https:\/\/sfassisf.com\/?page_id=1531","url_meta":{"origin":1462,"position":5},"title":"Escacs a l\u2019Escola","date":"07\/11\/2025","format":false,"excerpt":"La nostra escola forma part del programa\u00a0Escacs a l\u2019Escola\u00a0impulsat pel Servei d\u2019Innovaci\u00f3 Educativa. Aquest programa pret\u00e9n facilitar als centres educatius la implantaci\u00f3 i el foment de la pr\u00e0ctica dels escacs com a eina pedag\u00f2gica per enriquir el proc\u00e9s d\u2019ensenyament i aprenentatge dels infants i per ajudar a desenvolupar de manera\u2026","rel":"","context":"Similar post","img":{"alt_text":"","src":"","width":0,"height":0},"classes":[]}],"_links":{"self":[{"href":"https:\/\/sfassisf.com\/index.php?rest_route=\/wp\/v2\/pages\/1462"}],"collection":[{"href":"https:\/\/sfassisf.com\/index.php?rest_route=\/wp\/v2\/pages"}],"about":[{"href":"https:\/\/sfassisf.com\/index.php?rest_route=\/wp\/v2\/types\/page"}],"author":[{"embeddable":true,"href":"https:\/\/sfassisf.com\/index.php?rest_route=\/wp\/v2\/users\/1"}],"replies":[{"embeddable":true,"href":"https:\/\/sfassisf.com\/index.php?rest_route=%2Fwp%2Fv2%2Fcomments&post=1462"}],"version-history":[{"count":2,"href":"https:\/\/sfassisf.com\/index.php?rest_route=\/wp\/v2\/pages\/1462\/revisions"}],"predecessor-version":[{"id":1465,"href":"https:\/\/sfassisf.com\/index.php?rest_route=\/wp\/v2\/pages\/1462\/revisions\/1465"}],"wp:attachment":[{"href":"https:\/\/sfassisf.com\/index.php?rest_route=%2Fwp%2Fv2%2Fmedia&parent=1462"}],"curies":[{"name":"wp","href":"https:\/\/api.w.org\/{rel}","templated":true}]}}