{"id":97,"date":"2017-07-19T07:16:34","date_gmt":"2017-07-19T05:16:34","guid":{"rendered":"http:\/\/sfassisf.com\/?page_id=97"},"modified":"2018-01-26T09:40:13","modified_gmt":"2018-01-26T07:40:13","slug":"padrins","status":"publish","type":"page","link":"https:\/\/sfassisf.com\/?page_id=97","title":{"rendered":"Padrins"},"content":{"rendered":"<p>La nostra escola va iniciar ja fa anys diferents programes i activitats agrupades sota el nom com\u00fa de &#8220;Padrins&#8221;. Aquestes activitats es basen en la coeducaci\u00f3 i en el guiatge per part de l&#8217;alumnat dels cursos superiors envers els m\u00e9s petitons. D&#8217;aquesta forma, es duen a terme les seg\u00fcents activitats:<\/p>\n<h3>Padrins de 5\u00e8 i 6\u00e8 a l&#8217;escola infantil<\/h3>\n<p><img data-attachment-id=\"110\" data-permalink=\"https:\/\/sfassisf.com\/?attachment_id=110#main\" data-orig-file=\"https:\/\/i0.wp.com\/sfassisf.com\/wp-content\/uploads\/2017\/07\/IMG_3385-1.jpg?fit=4032%2C3024&amp;ssl=1\" data-orig-size=\"4032,3024\" data-comments-opened=\"0\" data-image-meta=\"{&quot;aperture&quot;:&quot;2.2&quot;,&quot;credit&quot;:&quot;&quot;,&quot;camera&quot;:&quot;iPhone 6s Plus&quot;,&quot;caption&quot;:&quot;&quot;,&quot;created_timestamp&quot;:&quot;1479287693&quot;,&quot;copyright&quot;:&quot;&quot;,&quot;focal_length&quot;:&quot;4.15&quot;,&quot;iso&quot;:&quot;50&quot;,&quot;shutter_speed&quot;:&quot;0.058823529411765&quot;,&quot;title&quot;:&quot;&quot;,&quot;orientation&quot;:&quot;1&quot;}\" data-image-title=\"IMG_3385\" data-image-description=\"\" data-image-caption=\"\" data-medium-file=\"https:\/\/i0.wp.com\/sfassisf.com\/wp-content\/uploads\/2017\/07\/IMG_3385-1.jpg?fit=300%2C225&amp;ssl=1\" data-large-file=\"https:\/\/i0.wp.com\/sfassisf.com\/wp-content\/uploads\/2017\/07\/IMG_3385-1.jpg?fit=680%2C510&amp;ssl=1\" loading=\"lazy\" class=\"alignleft wp-image-110 size-medium\" src=\"https:\/\/i0.wp.com\/sfassisf.com\/wp-content\/uploads\/2017\/07\/IMG_3385-1.jpg?resize=300%2C225&#038;ssl=1\" alt=\"\" width=\"300\" height=\"225\" srcset=\"https:\/\/i0.wp.com\/sfassisf.com\/wp-content\/uploads\/2017\/07\/IMG_3385-1.jpg?resize=300%2C225&amp;ssl=1 300w, https:\/\/i0.wp.com\/sfassisf.com\/wp-content\/uploads\/2017\/07\/IMG_3385-1.jpg?resize=768%2C576&amp;ssl=1 768w, https:\/\/i0.wp.com\/sfassisf.com\/wp-content\/uploads\/2017\/07\/IMG_3385-1.jpg?resize=1024%2C768&amp;ssl=1 1024w, https:\/\/i0.wp.com\/sfassisf.com\/wp-content\/uploads\/2017\/07\/IMG_3385-1.jpg?w=1360&amp;ssl=1 1360w, https:\/\/i0.wp.com\/sfassisf.com\/wp-content\/uploads\/2017\/07\/IMG_3385-1.jpg?w=2040&amp;ssl=1 2040w\" sizes=\"(max-width: 300px) 100vw, 300px\" data-recalc-dims=\"1\" \/>L&#8217;alumnat dels cursos superiors de prim\u00e0ria fan jocs de taula amb els infants de P4 i P5 de forma quinzenal. Amb aquests jocs es treballen aspectes matem\u00e0tics i ling\u00fc\u00edstics de forma totalment l\u00fadica.<\/p>\n<p>&nbsp;<\/p>\n<h3>Padrins de lectura<\/h3>\n<p>L&#8217;alumnat dels diferents cursos de prim\u00e0ria es combina, de forma quinzenal, per treballar la lectura. Es fa tant en catal\u00e0, com en castell\u00e0 o angl\u00e8s.<\/p>\n<h3>Padrins matem\u00e0tics<\/h3>\n<p>En combinaci\u00f3 amb l&#8217;activitat de&nbsp;<strong>Padrins de lectura<\/strong>, tamb\u00e9 es realitzen activitats de caire l\u00f2gic i matem\u00e0tic en les que l&#8217;alumnat de cursos superiors acompanya els m\u00e9s petits de prim\u00e0ria en l&#8217;adquisici\u00f3 de destreses de c\u00e0lcul, seriaci\u00f3,&#8230; per tal de desenvolupar aquestes habilitats mitjan\u00e7ant el joc.<\/p>\n<h3>Padrins d&#8217;ESO a Infantil<\/h3>\n<p>L&#8217;alumnat de 4t d&#8217;ESO acompanyen l&#8217;alumnat d&#8217;infantil en diferents activitats.<\/p>\n","protected":false},"excerpt":{"rendered":"<p>La nostra escola va iniciar ja fa anys diferents programes i activitats agrupades sota el nom com\u00fa de &#8220;Padrins&#8221;. Aquestes activitats es basen en la coeducaci\u00f3 i en el guiatge per part de l&#8217;alumnat dels cursos superiors envers els m\u00e9s petitons. D&#8217;aquesta forma, es duen a terme les seg\u00fcents activitats: Padrins de 5\u00e8 i 6\u00e8 [&hellip;]<\/p>\n","protected":false},"author":1,"featured_media":0,"parent":74,"menu_order":0,"comment_status":"closed","ping_status":"closed","template":"","meta":{"ngg_post_thumbnail":0},"jetpack_sharing_enabled":true,"jetpack_shortlink":"https:\/\/wp.me\/P9f2GC-1z","jetpack-related-posts":[{"id":510,"url":"https:\/\/sfassisf.com\/?page_id=510","url_meta":{"origin":97,"position":0},"title":"Festivals","date":"28\/05\/2018","format":false,"excerpt":"La nostra escola promou l'expressi\u00f3 art\u00edstica des de moltes vessants diferents, encara que destaquem especialment la import\u00e0ncia de donar a con\u00e8ixer les habilitats adquirides o treballades dins l'horari lectiu. Consideram que l'expressi\u00f3 art\u00edstica \u00e9s fonamental per a la formaci\u00f3 integral de la persona i que li hem de donar cabuda\u2026","rel":"","context":"Similar post","img":{"alt_text":"","src":"","width":0,"height":0},"classes":[]},{"id":29,"url":"https:\/\/sfassisf.com\/?page_id=29","url_meta":{"origin":97,"position":1},"title":"Revista Missatger","date":"17\/07\/2017","format":false,"excerpt":"L'alumnat d'ESO elabora, de forma trimestral, una revista per donar a con\u00e8ixer el dia a dia de l'escola. S'hi publiquen produccions de l'alumnat dels diferents cicles educatius, aix\u00ed com informaci\u00f3 sobre sortides i altres activitats duites a terme al nostre centre. Les anirem publicant en aquesta web a mesura que\u2026","rel":"","context":"Similar post","img":{"alt_text":"","src":"","width":0,"height":0},"classes":[]},{"id":506,"url":"https:\/\/sfassisf.com\/?page_id=506","url_meta":{"origin":97,"position":2},"title":"Viatges escolars","date":"19\/09\/2023","format":false,"excerpt":"La nostra escola t\u00e9 establerts, de fa molts anys, dos viatges escolars. Aquests viatges tenen lloc en finalitzar les dues etapes educatives de Prim\u00e0ria i Secund\u00e0ria. Viatge de 6\u00e8 de Prim\u00e0ria L\u2019alumnat de 6\u00e8,\u00a0 que espera aquest viatge amb il\u00b7lusi\u00f3, t\u00e9 l\u2019oportunitat de gaudir de les activitats educatives proposades per\u2026","rel":"","context":"Similar post","img":{"alt_text":"","src":"","width":0,"height":0},"classes":[]},{"id":1173,"url":"https:\/\/sfassisf.com\/?page_id=1173","url_meta":{"origin":97,"position":3},"title":"Programa Fora de s\u00e8rie","date":"31\/03\/2022","format":false,"excerpt":"Benvolgudes fam\u00edlies,\u00a0 La nostra escola \u00e9s un dels deu centres educatius que formen part de la Xarxa de Centres Cooperants del Fons Menorqu\u00ed de Cooperaci\u00f3, a trav\u00e9s del qual rebem suport t\u00e8cnic per desenvolupar un projecte d\u2019Aprenentatge Servei que des de fa tres anys se centra en la Sobirania Aliment\u00e0ria\u2026","rel":"","context":"Similar post","img":{"alt_text":"","src":"","width":0,"height":0},"classes":[]},{"id":52,"url":"https:\/\/sfassisf.com\/?page_id=52","url_meta":{"origin":97,"position":4},"title":"El centre","date":"18\/07\/2017","format":false,"excerpt":"MISSI\u00d3 Oferir una educaci\u00f3 integral \u2013la qual abasti el desenvolupament f\u00edsic, intel\u00b7lectual, afectiu i social- arrelada en els valors propis de la concepci\u00f3 cristiana de l\u2019home, de la vida i del m\u00f3n i que es basa en la import\u00e0ncia de la filosofia de l\u2019ESSER i no del tenir, per potenciar\u2026","rel":"","context":"Similar post","img":{"alt_text":"","src":"","width":0,"height":0},"classes":[]},{"id":81,"url":"https:\/\/sfassisf.com\/?page_id=81","url_meta":{"origin":97,"position":5},"title":"ICAPE (Cooperativa escolar)","date":"18\/07\/2017","format":false,"excerpt":"Un curs m\u00e9s, l'alumnat de 5\u00e8 de prim\u00e0ria ens hem adherit al programa ICAPE sobre emprenedoria.\u00a0 ICAPE \u00e9s un projecte educatiu que impulsa els valors de la persona, les capacitats emprenedores i familiaritza els estudiants amb el concepte de responsabilitat social. L\u2019objectiu general d\u2019ICAPE \u00e9s aconseguir que els alumnes millorin\u2026","rel":"","context":"Similar post","img":{"alt_text":"","src":"","width":0,"height":0},"classes":[]}],"_links":{"self":[{"href":"https:\/\/sfassisf.com\/index.php?rest_route=\/wp\/v2\/pages\/97"}],"collection":[{"href":"https:\/\/sfassisf.com\/index.php?rest_route=\/wp\/v2\/pages"}],"about":[{"href":"https:\/\/sfassisf.com\/index.php?rest_route=\/wp\/v2\/types\/page"}],"author":[{"embeddable":true,"href":"https:\/\/sfassisf.com\/index.php?rest_route=\/wp\/v2\/users\/1"}],"replies":[{"embeddable":true,"href":"https:\/\/sfassisf.com\/index.php?rest_route=%2Fwp%2Fv2%2Fcomments&post=97"}],"version-history":[{"count":3,"href":"https:\/\/sfassisf.com\/index.php?rest_route=\/wp\/v2\/pages\/97\/revisions"}],"predecessor-version":[{"id":505,"href":"https:\/\/sfassisf.com\/index.php?rest_route=\/wp\/v2\/pages\/97\/revisions\/505"}],"up":[{"embeddable":true,"href":"https:\/\/sfassisf.com\/index.php?rest_route=\/wp\/v2\/pages\/74"}],"wp:attachment":[{"href":"https:\/\/sfassisf.com\/index.php?rest_route=%2Fwp%2Fv2%2Fmedia&parent=97"}],"curies":[{"name":"wp","href":"https:\/\/api.w.org\/{rel}","templated":true}]}}